{"id":53,"date":"2017-01-25T18:54:04","date_gmt":"2017-01-25T15:54:04","guid":{"rendered":"http:\/\/tsbd.org.tr\/?page_id=53"},"modified":"2022-10-31T16:56:40","modified_gmt":"2022-10-31T13:56:40","slug":"uyelik","status":"publish","type":"page","link":"https:\/\/tsbd.org.tr\/?page_id=53","title":{"rendered":"ARA\u015eTIRMALAR"},"content":{"rendered":"<p>T\u00fcrk Sosyal Bilimler Derne\u011fi, T\u00fcrkiye&#8217;de sosyal bilimler alan\u0131nda ara\u015ft\u0131rmalar\u0131n yap\u0131lmas\u0131na, geli\u015fmesine, yayg\u0131nla\u015fmas\u0131na ve bilgi \u00fcretimine a\u011f\u0131rl\u0131k vermektedir. Dernek, ara\u015ft\u0131rma \u00e7al\u0131\u015fmalar\u0131n\u0131 kendi kurdu\u011fu proje gruplar\u0131yla y\u00fcr\u00fcterek, ya da haz\u0131rlanm\u0131\u015f ara\u015ft\u0131rma projelerini destekleyerek ger\u00e7ekle\u015ftirir. Kurulu\u015fundan bu yana, Dernek taraf\u0131ndan y\u00fcr\u00fct\u00fclm\u00fc\u015f ve desteklenmi\u015f olan belli ba\u015fl\u0131 ara\u015ft\u0131rmalar a\u015fa\u011f\u0131da s\u0131ralanm\u0131\u015ft\u0131r.<\/p>\n<h3><strong>\u00a0<\/strong><strong>\u0130zmir Sosyal De\u011fi\u015fme Ara\u015ft\u0131rmas\u0131<\/strong><\/h3>\n<p><strong>\u00a0<\/strong>Derne\u011fin kurulu\u015fu ile birlikte ger\u00e7ekle\u015ftirdi\u011fi ilk ve en kapsaml\u0131 ara\u015ft\u0131rma \u0130zmir&#8217;de y\u00fcr\u00fct\u00fclm\u00fc\u015ft\u00fcr. 1967&#8217;de ba\u015flayarak \u00fc\u00e7 y\u0131lda tamamlanan bu ara\u015ft\u0131rma, kapsam\u0131 ve g\u00fcncelli\u011fi yan\u0131nda, sosyal bilimlerde &#8216;disiplinler aras\u0131&#8217; bir \u00e7al\u0131\u015fma \u00f6rne\u011fi olarak da nitelendirilmektedir.<\/p>\n<p>\u015eerif Mardin, M\u00fcbeccel K\u0131ray, O\u011fuz Ar\u0131, Emre Kongar, Ru\u015fen Kele\u015f ve \u00c7i\u011fdem Ka\u011f\u0131t\u00e7\u0131ba\u015f\u0131&#8217;n\u0131n kat\u0131ld\u0131\u011f\u0131 bu projede, \u0130zmir&#8217;in de\u011fi\u015fen toplum yap\u0131s\u0131, kentsel i\u015flevlerin kent i\u00e7indeki da\u011f\u0131l\u0131m\u0131, son y\u00fczy\u0131l i\u00e7indeki de\u011fi\u015fmeleri, kentte ya\u015fayanlar aras\u0131ndaki ili\u015fkiler ve haberle\u015fme bi\u00e7imleri, de\u011fi\u015fen aile yap\u0131s\u0131 ve ili\u015fkileri, sosyal de\u011fi\u015fmenin sosyal-psikolojik boyutlar\u0131, \u0130zmir&#8217;e g\u00f6\u00e7 ve yerle\u015fim gibi konular incelenerek de\u011ferlendirilmi\u015ftir.<\/p>\n<p>\u0130zmir&#8217;de sosyal de\u011fi\u015fmenin \u00e7e\u015fitli boyutlar\u0131, bir kitap dizisi olarak Derne\u011fin ilk yay\u0131nlar\u0131 aras\u0131nda yer alm\u0131\u015ft\u0131r.<\/p>\n<h3><strong>Sosyal Bilimler E\u011fitiminin Geli\u015ftirilmesi Projesi<\/strong><\/h3>\n<p>T\u00fcrkiye&#8217;de sosyal bilimler e\u011fitiminin de\u011ferlendirilmesi ve geli\u015ftirilmesi amac\u0131n\u0131 g\u00fcden bu proje 1971 y\u0131l\u0131nda ba\u015flat\u0131lm\u0131\u015ft\u0131r. Ara\u015ft\u0131rma \u00fc\u00e7 a\u015famadan olu\u015fmaktayd\u0131: S\u00fcleyman \u00c7etin \u00d6zo\u011flu taraf\u0131ndan <em>Liselerde Sosyal Bilimler \u00d6\u011fretimi, <\/em>\u015eefik Uysal taraf\u0131ndan <em>\u00dcniversitelerde Sosyal Bilimler \u00d6\u011fretimi <\/em>ve Fatma Var\u0131\u015f taraf\u0131ndan <em>Lisans\u00fcst\u00fc D\u00fczeyde Sosyal Bilimler \u00d6\u011fretimi <\/em>konular\u0131 incelenmi\u015ftir. Her \u00fc\u00e7 \u00e7al\u0131\u015fma da, daha sonra Ankara \u00dcniversitesi E\u011fitim Fak\u00fcltesi taraf\u0131ndan yay\u0131mlanm\u0131\u015ft\u0131r.<\/p>\n<p>Bu projenin ikinci a\u015famas\u0131nda, sosyal bilimler alan\u0131nda, \u00fcniversite ders kitab\u0131 niteli\u011finde sekiz eser yaz\u0131lm\u0131\u015f ve Dernek taraf\u0131ndan yay\u0131mlanm\u0131\u015ft\u0131r. Bu eserlerden her biri, kendi alan\u0131nda &#8216;giri\u015f&#8217; kitab\u0131 \u00f6zelli\u011finde olup, yeni bask\u0131lar yapm\u0131\u015f kaynak kitaplar aras\u0131ndad\u0131r.<\/p>\n<p>Yine bu projenin devam\u0131 olarak, 1973 Eyl\u00fcl&#8217;\u00fcnde Marmaris\u2019te <em>Sosyal Bilimler \u00d6\u011fretiminin Geli\u015fmesi <\/em>konusunda bir de\u011ferlendirme toplant\u0131s\u0131 d\u00fczenlenmi\u015ftir.<\/p>\n<h3><strong>\u0130\u00e7 G\u00f6\u00e7 Ara\u015ft\u0131rmas\u0131<\/strong><\/h3>\n<p><strong>\u00a0<\/strong>Fiziksel yerle\u015fme ve n\u00fcfus politikalar\u0131yla ilgili olan bu proje, 1972\u20131974 y\u0131llar\u0131 aras\u0131nda \u0130lhan Tekeli taraf\u0131ndan ger\u00e7ekle\u015ftirildi. Demografik etmenlerle kentle\u015fme politikalar\u0131 aras\u0131ndaki ili\u015fkiyi sosyal de\u011fi\u015fme oda\u011f\u0131ndan inceleyen bu ara\u015ft\u0131rma, Hacettepe \u00dcniversitesi taraf\u0131ndan <em>Yerle\u015fme Yap\u0131s\u0131n\u0131n Uyum S\u00fcreci Olarak \u0130\u00e7 G\u00f6\u00e7ler <\/em>ad\u0131 alt\u0131nda yay\u0131mlanm\u0131\u015ft\u0131r (1978).<\/p>\n<h3><strong>\u00a0<\/strong><strong>Gecekondu Ara\u015ft\u0131rmas\u0131<\/strong><\/h3>\n<p><strong>\u00a0<\/strong>T\u00fcrkiye&#8217;deki h\u0131zl\u0131 kentle\u015fmeyi ve artan n\u00fcfus bask\u0131s\u0131 alt\u0131nda denetimden yoksun geli\u015fmeleri konu edinen ara\u015ft\u0131rma, Tans\u0131 \u015eenyap\u0131l\u0131 taraf\u0131ndan y\u00fcr\u00fct\u00fcld\u00fc. De\u011fi\u015fen kent yap\u0131lar\u0131 i\u00e7inde olu\u015fan yeni i\u015flevleri, ili\u015fkileri, yeni mek\u00e2nsal boyutlar\u0131 ve dinamik etmenleri inceleyen, irdeleyen bu ara\u015ft\u0131rma, Orta Do\u011fu Teknik \u00dcniversitesi taraf\u0131ndan <em>B\u00fct\u00fcnle\u015fmemi\u015f Kentli N\u00fcfus Sorunu <\/em>ad\u0131 alt\u0131nda yay\u0131mlanm\u0131\u015ft\u0131r (1978).<\/p>\n<h3><strong>\u00a0<\/strong><strong>UNESCO \u0130\u00e7in Envanter \u00e7al\u0131\u015fmas\u0131<\/strong><\/h3>\n<p><strong>\u00a0<\/strong>T\u00fcrk Sosyal Bilimler Derne\u011fi, 1981 y\u0131l\u0131nda, UNESCO Sosyal Bilimler B\u00f6l\u00fcm\u00fc taraf\u0131ndan \u00e7\u0131kar\u0131lan <em>World Directory of Social Science Institutions <\/em>ve <em>World List of Social Science Periodicals <\/em>adl\u0131 yay\u0131nlar\u0131n T\u00fcrkiye ile ilgili b\u00f6l\u00fcmleri i\u00e7in, T\u00fcrkiye&#8217;de sosyal bilimlerde ara\u015ft\u0131rma yapan kurumlar\u0131n, uzmanlar\u0131n ve sosyal bilim alan\u0131nda yay\u0131n yapan dergilerin bir envanterini \u00e7\u0131karm\u0131\u015ft\u0131r.<\/p>\n<h3><strong>\u00a0<\/strong><strong>Kent Y\u00f6netimi Ara\u015ft\u0131rmas\u0131<\/strong><\/h3>\n<p><strong>\u00a0<\/strong>T\u00fcrkiye&#8217;de kent y\u00f6netimini, \u00f6zellikle 1984 y\u0131l\u0131nda getirilen yeni anakent y\u00f6netim sistemini de\u011ferlendiren bu ara\u015ft\u0131rma, 1986\u20131987 akademik y\u0131l\u0131 i\u00e7inde Kanada\u2019n\u0131n Uluslararas\u0131 Geli\u015fme Ara\u015ft\u0131rmalar\u0131 Merkezi (IDRC)&#8217;nin mali deste\u011fi ile Ru\u015fen Kele\u015f taraf\u0131ndan y\u00fcr\u00fct\u00fclm\u00fc\u015ft\u00fcr. T\u00fcrkiye&#8217;de genel olarak yerel y\u00f6netimlerin yeniden d\u00fczenlenmesinde dikkate al\u0131nmas\u0131 gereken bir tak\u0131m \u00f6nerileri de i\u00e7eren ara\u015ft\u0131rma sonu\u00e7lar\u0131 1988 y\u0131l\u0131nda T\u00fcrk\u00e7e ve \u0130ngilizce olarak Dernek\u00e7e yay\u0131nlanm\u0131\u015ft\u0131r: <em>T\u00fcrkiye\u2019de Kent Y\u00f6netimi <\/em>(1988); \u00a0<em>Management of Urban Growth in Turkey <\/em>(1988).<\/p>\n<h3><strong>Giyim Sanayii Ara\u015ft\u0131rmas\u0131<\/strong><\/h3>\n<p><strong>\u00a0<\/strong>T\u00fcrk haz\u0131r giyim sekt\u00f6r\u00fcnde teknolojik ve yap\u0131sal de\u011fi\u015fimi inceleyen bu ara\u015ft\u0131rma, IDRC&#8217;nin sa\u011flad\u0131\u011f\u0131 mali destek ile 1986\u20131988 y\u0131llar\u0131 aras\u0131nda Lale Duruiz ve Nurhan Yent\u00fcrk-\u00c7oban taraf\u0131ndan y\u00fcr\u00fct\u00fclm\u00fc\u015ft\u00fcr.<\/p>\n<p>Ara\u015ft\u0131rma sonu\u00e7lar\u0131 dernek\u00e7e <em>Technological and Structural Change in the Turkish Clothing Industry <\/em>ad\u0131 alt\u0131nda \u0130ngilizce olarak bas\u0131lm\u0131\u015ft\u0131r (1988).<\/p>\n<h3><strong>Sanayi \u00dcretimi ve Mek\u00e2nsal \u00d6rg\u00fctlenme Bi\u00e7imleri Ara\u015ft\u0131rmas\u0131<\/strong><\/h3>\n<p><strong>\u00a0<\/strong>Ankara&#8217;da sanayi \u00fcretiminin tarihsel geli\u015fim s\u00fcrecine ve mek\u00e2nsal \u00f6rg\u00fctlenme bi\u00e7imlerine ili\u015fkin \u00e7\u00f6z\u00fcmlemeleri i\u00e7eren bu proje, Milli Prod\u00fcktivite Merkezi&#8217;nin mali deste\u011fi ile \u0130lhan Tekeli, Tans\u0131 \u015eenyap\u0131l\u0131 ve Murat G\u00fcven\u00e7 taraf\u0131ndan y\u00fcr\u00fct\u00fclm\u00fc\u015ft\u00fcr.<\/p>\n<p>Ara\u015ft\u0131rma sonu\u00e7lar\u0131 Milli Prod\u00fcktivite Merkezi taraf\u0131ndan <em>Ankara&#8217;da Sanayi \u00dcretiminin Tarihsel Geli\u015fim S\u00fcreci <\/em>ad\u0131 alt\u0131nda yay\u0131nlanm\u0131\u015ft\u0131r (1991 MPM Yay\u0131nlar\u0131, 483).<\/p>\n<h3><strong>\u00a0<\/strong><strong>\u0130\u015fyeri &#8211; Konut Ara\u015ft\u0131rmas\u0131<\/strong><\/h3>\n<p><strong>\u00a0<\/strong>\u0130stanbul&#8217;un planlama ve ula\u015f\u0131m tarihlerini, sanayi co\u011frafyas\u0131n\u0131, \u0130stanbul&#8217;da dar ve orta gelirliler i\u00e7in konut yap\u0131lar\u0131n\u0131 ve sanayi eme\u011finin konut ko\u015fullar\u0131n\u0131 inceleyen bu geni\u015f kapsaml\u0131 ara\u015ft\u0131rma, IDRC&#8217;nin mali deste\u011fi ile 1986\u20131990 y\u0131llar\u0131 aras\u0131nda \u0130lhan Tekeli, Tans\u0131 \u015eenyap\u0131l\u0131, Ali T\u00fcrel, Murat G\u00fcven\u00e7 ve Erhan Acar taraf\u0131ndan y\u00fcr\u00fct\u00fclm\u00fc\u015ft\u00fcr.<\/p>\n<p>Ara\u015ft\u0131rma sonu\u00e7lar\u0131, T\u00fcrk Sosyal Bilimler Derne\u011fi, \u0130stanbul Belediyesi ve IULA-EMME (Uluslararas\u0131 Mahalli \u0130dareler Birli\u011fi &#8211; Do\u011fu Akdeniz ve Ortado\u011fu B\u00f6l\u00fcm\u00fc) taraf\u0131ndan <em>Development of Istanbul Metropolitan Area and Low-Cost Housing <\/em>ad\u0131 alt\u0131nda \u0130ngilizce olarak yay\u0131nlanm\u0131\u015ft\u0131r (1992).<\/p>\n<h3><strong>\u00a0<\/strong><strong>Sokak \u00c7ocuklar\u0131 Ara\u015ft\u0131rmas\u0131<\/strong><\/h3>\n<p><strong>\u00a0<\/strong>1990 y\u0131l\u0131n\u0131n yaz aylar\u0131nda, Sevil Atauz taraf\u0131ndan y\u00fcr\u00fct\u00fclen ve UNICEF\u2019in destekledi\u011fi bu proje Ankara ve \u015eanl\u0131 Urfa&#8217;da sokakta \u00e7al\u0131\u015fan \u00e7ocuklar\u0131 \u00e7al\u0131\u015fma bi\u00e7imleri, sosyo-ekonomik durumlar\u0131, sa\u011fl\u0131k ve e\u011fitim ko\u015fullar\u0131 a\u00e7\u0131s\u0131ndan incelemi\u015ftir.<\/p>\n<h3><strong>\u00c7evre Fonlar\u0131 \u0130daresi Ara\u015ft\u0131rmas\u0131<\/strong><\/h3>\n<p><strong>\u00a0<\/strong>\u00c7evre koruma \u00f6rg\u00fctlenmesine ili\u015fkin b\u00fct\u00fcnc\u00fcl bir model \u00e7er\u00e7evesinde \u00e7evre koruma ama\u00e7l\u0131 fonlar\u0131n 1985 sonras\u0131 uygulamas\u0131n\u0131n de\u011ferlendirilmesi, mevcut ve kurulmas\u0131 \u00f6ng\u00f6r\u00fclen fonlar\u0131n harcama alanlar\u0131 ve \u00f6ncelikleri saptanarak y\u00f6netimi i\u00e7in bir \u00f6rg\u00fct modeli olu\u015fturulmas\u0131 konular\u0131n\u0131 kapsayan bu projenin finansman\u0131, D\u00fcnya Bankas\u0131 taraf\u0131ndan kar\u015f\u0131lanm\u0131\u015f ve Ba\u015fbakanl\u0131k \u00c7evre M\u00fcste\u015farl\u0131\u011f\u0131&#8217;nca desteklenmi\u015ftir. 1991 y\u0131l\u0131n\u0131n ilk d\u00f6rt ay\u0131nda tamamlanan ara\u015ft\u0131rma Ergun T\u00fcrkcan, Oktar T\u00fcrel, \u00c7elik Aruoba, Can Hamamc\u0131 ve Hilal Zilelio\u011flu taraf\u0131ndan y\u00fcr\u00fct\u00fclm\u00fc\u015ft\u00fcr.<\/p>\n<h3><strong>Yap\u0131sal Uyumun Politik \u0130ktisad\u0131 Ara\u015ft\u0131rmas\u0131<\/strong><\/h3>\n<p><strong>\u00a0<\/strong>1980&#8217;li y\u0131llarda T\u00fcrkiye&#8217;de uygulanan istikrar ve yap\u0131sal uyum politikalar\u0131n\u0131n gelir da\u011f\u0131l\u0131m\u0131 \u00fczerindeki sonu\u00e7lar\u0131n\u0131 ve halk s\u0131n\u0131flar\u0131n\u0131n bu sonu\u00e7lara kar\u015f\u0131 geli\u015ftirdikleri uyum s\u00fcre\u00e7lerini, k\u00fc\u00e7\u00fck bir alan \u00e7al\u0131\u015fmas\u0131n\u0131n da katk\u0131lar\u0131yla ara\u015ft\u0131ran bu proje, IDRC&#8217;nin mali deste\u011fi ile 1988\u20131990 y\u0131llar\u0131nda Korkut Boratav ve Galip Yalman taraf\u0131ndan y\u00fcr\u00fct\u00fclm\u00fc\u015ft\u00fcr.<\/p>\n<p><strong>\u00a0<\/strong>Ara\u015ft\u0131rma sonu\u00e7lar\u0131<em> A Study on the Political Economy of Structural Adjustment : Workers and Peasants During a Major Reorientation of Economic Policies, Turkey, 1980-1987 <\/em>ad\u0131 alt\u0131nda bir rapor olarak bas\u0131lm\u0131\u015ft\u0131r.<\/p>\n<h3><strong>Yap\u0131sal Uyumun Politik \u0130ktisad\u0131, II. A\u015fama<\/strong><\/h3>\n<p><strong>\u00a0<\/strong>\u00d6nceki ara\u015ft\u0131rman\u0131n sorunsal\u0131n\u0131 yeni bir siyasi ve iktisadi konjonkt\u00fcre ge\u00e7i\u015f s\u00fcreci i\u00e7inde, yani 1989-\u00ad1991 y\u0131llar\u0131n\u0131n \u00f6zel ko\u015fullar\u0131n\u0131 kucaklayarak ve \u00e7ok daha kapsaml\u0131 alan \u00e7al\u0131\u015fmalar\u0131 ile b\u00fct\u00fcnle\u015ftirerek inceleyen bu ara\u015ft\u0131rma Korkut Boratav, Bilsay Kuru\u00e7 ve Bahattin Ak\u015fit taraf\u0131ndan y\u00fcr\u00fct\u00fclm\u00fc\u015ft\u00fcr. 1991 y\u0131l\u0131nda ba\u015flayan proje 1993 y\u0131l\u0131nda tamamlanm\u0131\u015f ve sonu\u00e7lar \u00e7e\u015fitli yay\u0131nlarla okurlara sunulmu\u015ftur.<\/p>\n<h3><strong>\u00a0<\/strong><strong>T\u00fcrkiye&#8217;de Tar\u0131m Sekt\u00f6r\u00fc ve Tar\u0131m Politikalar\u0131<\/strong><\/h3>\n<p><strong>\u00a0<\/strong>1990&#8217;1\u0131 y\u0131llarda T\u00fcrkiye ve d\u00fcnya ekonomisinin de\u011fi\u015fen ko\u015fullar\u0131nda tar\u0131ma d\u00f6n\u00fck iktisat politikalar\u0131nda, \u00f6zellikle destekleme politikalar\u0131nda ne gibi se\u00e7eneklerin s\u00f6z konusu oldu\u011fu ara\u015ft\u0131r\u0131lm\u0131\u015f, de\u011ferlendirilmi\u015f ve tart\u0131\u015f\u0131lm\u0131\u015ft\u0131r. Ara\u015ft\u0131rma Halis Akder ve Haluk Kasnako\u011flu taraf\u0131ndan y\u00fcr\u00fct\u00fclm\u00fc\u015ft\u00fcr.<\/p>\n<h3><strong>T\u00fcrkiye&#8217;de \u00d6rg\u00fctlenmi\u015f \u0130\u015fg\u00fcc\u00fc Piyasalar\u0131nda \u00dccret Olu\u015fumu<\/strong><\/h3>\n<p><strong>\u00a0<\/strong>1990 ve 1991 y\u0131llar\u0131nda yap\u0131lan toplu s\u00f6zle\u015fmelerin bir bil\u00e2n\u00e7osu \u00e7\u0131kar\u0131lm\u0131\u015f ve i\u00e7erik analizi yap\u0131lm\u0131\u015ft\u0131r. Bu bulgulardan hareketle sendika hareketinin bu d\u00f6nemde kar\u015f\u0131la\u015ft\u0131\u011f\u0131 sorunlar \u00e7\u00f6z\u00fcmlenmi\u015f ve tart\u0131\u015f\u0131lm\u0131\u015ft\u0131r. Ara\u015ft\u0131rma Y\u0131ld\u0131r\u0131m Ko\u00e7 taraf\u0131ndan y\u00fcr\u00fct\u00fclm\u00fc\u015ft\u00fcr.<\/p>\n<h3><strong>\u0130ktisat Politikas\u0131 Se\u00e7enekleri<\/strong><\/h3>\n<p><strong>\u00a0<\/strong>Friedrich Ebert Vakf\u0131 taraf\u0131ndan desteklenen, Taner Berksoy ve Korkut Boratav&#8217;\u0131n koordinat\u00f6rl\u00fc\u011f\u00fcnde y\u00fcr\u00fct\u00fclen, <em>\u0130ktisat Politikas\u0131 Se\u00e7enekleri <\/em>ana temas\u0131n\u0131 ta\u015f\u0131yan ve sanayile\u015fme, K\u0130T\u2019ler, kamu maliyesi, finansal sistem alanlar\u0131n\u0131 i\u00e7eren d\u00f6rt ara\u015ft\u0131rma projesi 1993 y\u0131l\u0131 i\u00e7inde tamamlanm\u0131\u015f ve sonu\u00e7lar\u0131 Tarih Vakf\u0131 \/ Yurt Yay\u0131nlar\u0131 taraf\u0131ndan iki cilt halinde yay\u0131nlanm\u0131\u015ft\u0131r (Cilt I: <em>T\u00fcrkiye&#8217;de Sanayile\u015fmenin G\u00fcncel Sorunlar\u0131 ve K\u0130T\u2019ler; <\/em>Cilt II: <em>T\u00fcrkiye&#8217;de Kamu Maliyesi, Finansal Sistem ve Politikalar). <\/em>Genel koordinat\u00f6rlerin d\u0131\u015f\u0131nda g\u00f6rev alan proje sorumlular\u0131 Korkut Boratav, Ergun T\u00fcrkcan, \u0130zzettin \u00d6nder, Oktar T\u00fcrel, Naz\u0131m Ekinci ve Cem Somel&#8217;dir. Proje sorumlular\u0131 d\u0131\u015f\u0131nda \u00e7ok say\u0131da ara\u015ft\u0131rmac\u0131 da bu \u00e7al\u0131\u015fmalara katk\u0131 yapm\u0131\u015ft\u0131r.<\/p>\n<h3><strong>S\u00fcrd\u00fcr\u00fclebilir Kalk\u0131nma Perspektifinden T\u00fcrkiye&#8217;de Enerji ve Turizm Sekt\u00f6rleri<\/strong><\/h3>\n<p><strong>\u00a0<\/strong>Birle\u015fmi\u015f Milletler Kalk\u0131nma Program\u0131 (UNDP) ve T.C. \u00c7evre Bakanl\u0131\u011f\u0131 taraf\u0131ndan desteklenen ve Ergun T\u00fcrkcan&#8217;\u0131n y\u00f6netiminde bir ekip taraf\u0131ndan y\u00fcr\u00fct\u00fclen ara\u015ft\u0131rma 1993 y\u0131l\u0131nda tamamlanm\u0131\u015f ve sonu\u00e7lar\u0131 Kas\u0131m 1993&#8217;te Antalya&#8217;da uluslararas\u0131 bir konferansa sunulmu\u015ftur.<\/p>\n<h3><strong>\u00a0<\/strong><strong>Ege B\u00f6lgesinde Tar\u0131m\u0131n Sosyo-Ekonomik Yap\u0131s\u0131, Destekleme Politikalar\u0131 ve TAR\u0130\u015e<\/strong><\/h3>\n<p><strong>\u00a0<\/strong>TAR\u0130\u015e taraf\u0131ndan desteklenen, \u00a0Korkut Boratav ve Mehmet Ecevit taraf\u0131ndan y\u00fcr\u00fct\u00fclen ara\u015ft\u0131rma 1994 y\u0131l\u0131nda tamamlanm\u0131\u015f ve sonu\u00e7lar\u0131 TAR\u0130\u015e taraf\u0131ndan \u00e7o\u011falt\u0131lm\u0131\u015ft\u0131r.<\/p>\n<h3><strong>\u00a0<\/strong><strong>GAP B\u00f6lgesinde K\u00fclt\u00fcrel Geli\u015fim<\/strong><\/h3>\n<p><strong>\u00a0<\/strong>T.C. K\u00fclt\u00fcr Bakanl\u0131\u011f\u0131 taraf\u0131ndan desteklenen ve Sevil Atauz taraf\u0131ndan y\u00fcr\u00fct\u00fclen ara\u015ft\u0131rma 1995 y\u0131l\u0131nda tamamlanm\u0131\u015ft\u0131r.<\/p>\n<h3><strong>D\u0131\u015f Pazarlara A\u00e7\u0131lan Konfeksiyon Sanayii<\/strong><\/h3>\n<p><strong>\u00a0<\/strong>D\u00fcnya Bankas\u0131, \u0130\u015f ve \u0130\u015f\u00e7i Bulma Kurumu ve T.C. Ba\u015fbakanl\u0131k Kad\u0131n\u0131n Stat\u00fcs\u00fc ve Sorunlar\u0131 Genel M\u00fcd\u00fcrl\u00fc\u011f\u00fc taraf\u0131ndan desteklenen <em>Kad\u0131n \u0130stihdam\u0131n\u0131n Geli\u015ftirilmesi <\/em>kapsam\u0131ndaki ara\u015ft\u0131rma Ayda Erayd\u0131n taraf\u0131ndan y\u00fcr\u00fct\u00fclm\u00fc\u015f ve 1997 y\u0131l\u0131nda tamamlanm\u0131\u015ft\u0131r. Ara\u015ft\u0131rma, T.C. Ba\u015fbakanl\u0131k Kad\u0131n\u0131n Stat\u00fcs\u00fc ve Sorunlar\u0131 Genel M\u00fcd\u00fcrl\u00fc\u011f\u00fc taraf\u0131ndan bas\u0131lm\u0131\u015ft\u0131r: <em>Yeni \u00dcretim S\u00fcre\u00e7leri ve Kad\u0131n Eme\u011fi<\/em> (Kas\u0131m 1999).<\/p>\n<h3><strong>\u00a0<\/strong><strong>Konut Politikas\u0131n\u0131 Geli\u015ftirme Projesi I<\/strong><\/h3>\n<p><strong>\u00a0<\/strong>Kentsel arsa ve konut politikas\u0131 \u00e7er\u00e7evesinde iki ana tema \u00fczerinde yo\u011funla\u015fan &#8220;Konut Politikas\u0131 Geli\u015ftirme \u00c7al\u0131\u015fmas\u0131&#8221;n\u0131n te\u015fhis a\u015famas\u0131 olarak adland\u0131r\u0131lan birinci a\u015famas\u0131 Haziran 1996&#8217;da tamamlanm\u0131\u015ft\u0131r. Bu a\u015famada, sorun alanlar\u0131n\u0131n belirlenmesi, ara\u015ft\u0131rma y\u00f6ntemi ve ara\u00e7lar\u0131n\u0131n geli\u015ftirilmesi hedeflenmi\u015ftir. Proje, \u0130lhan Tekeli (Genel Koordinat\u00f6r), Ayda Erayd\u0131n (Kentsel Arsa B\u00f6l\u00fcm\u00fc Proje Y\u00f6neticisi) ve O\u011fuz I\u015f\u0131k (Konut Politikas\u0131 B\u00f6l\u00fcm\u00fc Proje Y\u00f6neticisi)&#8217;\u0131n e\u015fg\u00fcd\u00fcm\u00fcnde 20 sosyal bilimci ve yakla\u015f\u0131k ayn\u0131 say\u0131da ara\u015ft\u0131rma g\u00f6revlisinin kat\u0131l\u0131m\u0131yla y\u00fcr\u00fct\u00fclm\u00fc\u015f, 1997\u2019de tamamlanm\u0131\u015ft\u0131r.<\/p>\n<h3>Konut Politikas\u0131n\u0131 Geli\u015ftirme Projesi II<\/h3>\n<p><u><\/u>\u201cKonut Politikas\u0131n\u0131 Geli\u015ftirme Projesi\u201dnin ikinci a\u015famas\u0131 olan bu \u00e7al\u0131\u015fmada, se\u00e7ilen sorun alanlar\u0131yla ilgili derinli\u011fine \u00e7\u00f6z\u00fcmlemelerin yap\u0131lmas\u0131ndan sonra konut sekt\u00f6r\u00fc i\u00e7in yeni politika ve kurumsal yap\u0131 \u00f6nerilerinin geli\u015ftirilmesi ama\u00e7lanm\u0131\u015ft\u0131r. Proje, \u0130lhan Tekeli y\u00f6netiminde yine ayn\u0131 ekip taraf\u0131ndan y\u00fcr\u00fct\u00fclm\u00fc\u015f ve 1999\u2019da tamamlanm\u0131\u015ft\u0131r.\u00a0 Her iki proje de D\u00fcnya Bankas\u0131 ve Ba\u015fbakanl\u0131k Toplu Konut \u0130daresi taraf\u0131ndan desteklenmi\u015ftir.<\/p>\n<h3>K\u00f6ye D\u00f6n\u00fc\u015f ve Rehabilitasyon Projesi<\/h3>\n<p><strong>\u00a0<\/strong>T.C. Ba\u015fbakanl\u0131k GAP \u0130daresi Ba\u015fkanl\u0131\u011f\u0131 ad\u0131na \u00fcstlenilen \u201cDo\u011fu ve G\u00fcneydo\u011fu Anadolu B\u00f6lgelerinde K\u00f6ye D\u00f6n\u00fc\u015f ve Rehabilitasyon Alt-B\u00f6lge Geli\u015ftirme Plan\u0131 Haz\u0131rlama Projesi\u201d 2001 y\u0131l\u0131 \u015eubat ay\u0131nda ba\u015flam\u0131\u015ft\u0131r. 12 ili kapsayan ve esas olarak teknik bir mek\u00e2nsal planlama ve k\u0131rsal kalk\u0131nma \u00e7al\u0131\u015fmas\u0131 niteli\u011finde olan bu projenin \u00fcst \u00f6l\u00e7ek planlar\u0131 ve k\u0131rsal kalk\u0131nma \u00f6nerileri 2002 ortalar\u0131nda tamamlanm\u0131\u015ft\u0131r.<\/p>\n<h3>Il\u0131su Baraj G\u00f6l\u00fc \u00c7evresi Alt B\u00f6lge Geli\u015fme Plan\u0131 Projesi<\/h3>\n<p>T.C. Ba\u015fbakanl\u0131k G\u00fcneydo\u011fu Anadolu Projesi (GAP) B\u00f6lge Kalk\u0131nma \u0130daresi Ba\u015fkanl\u0131\u011f\u0131 Dicle Nehri \u00fcst\u00fcnde in\u015fas\u0131 g\u00fcndemde olan Il\u0131su Baraj\u0131n\u0131n g\u00f6l aynas\u0131ndan etkilenecek b\u00f6lgede ya\u015famakta olan n\u00fcfusun yeniden yerle\u015fimlerine yard\u0131mc\u0131 olmak ve yeni ya\u015famlar\u0131na sosyal, k\u00fclt\u00fcrel ve ekonomik uyumlar\u0131n\u0131 kolayla\u015ft\u0131rmak amac\u0131yla geni\u015f kapsaml\u0131 bir projeyi g\u00fcndemine alm\u0131\u015f, bu proje Ekim 2002 tarihinde imzalanan protokol ile 20 ayda bitirilmek \u00fczere dernek taraf\u0131ndan \u00fcstlenilmi\u015ftir. \u201cIl\u0131su Baraj G\u00f6l\u00fc \u00c7evresi Alt B\u00f6lge Geli\u015fme Plan\u0131 Haz\u0131rlanmas\u0131\u201d ile \u201cHasankeyf-Batman\u2019da S\u00fcrd\u00fcr\u00fclebilir Kentsel Ya\u015fam ve Toplumsal Kalk\u0131nma Programlar\u0131\u201d\u00a0\u00a0 ba\u015fl\u0131kl\u0131 iki alt projeden olu\u015fan \u00e7al\u0131\u015fma, Melih Ersoy koordinat\u00f6rl\u00fc\u011f\u00fcnde y\u00fcr\u00fct\u00fclm\u00fc\u015f ve Nisan 2004\u2019de tamamlanm\u0131\u015ft\u0131r.<\/p>\n<h3><u><\/u><strong>G\u00fcneydo\u011fu Anadolu\u2019da D\u00f6rt \u0130lde Uygulanan Yoksullukla M\u00fccadele Programlar\u0131n\u0131n De\u011ferlendirilmesi<\/strong><\/h3>\n<p>Diyarbak\u0131r,\u00a0 Batman, \u015eanl\u0131urfa ve Mardin illerini kapsayan bu projede, Sosyal Yard\u0131m ve Dayan\u0131\u015fmay\u0131 Te\u015fvik Fon ve Vak\u0131flar\u0131, Ye\u015fil Kart, D\u00fcnya Bankas\u0131 Sosyal Riski Azaltma Projesi, GAP idaresinin \u00c7ok Ama\u00e7l\u0131 Toplum Merkezleri (\u00c7ATOM) ve bu amaca y\u00f6nelik \u00e7al\u0131\u015fan STK\u2019lar\u0131n etkinliklerinin de\u011ferlendirilmesi ama\u00e7lanm\u0131\u015ft\u0131r. Galip Yalman koordinat\u00f6rl\u00fc\u011f\u00fcnde alt\u0131 ki\u015filik bir ekip taraf\u0131ndan y\u00fcr\u00fct\u00fclen proje, Kas\u0131m 2002\u2019de ba\u015flam\u0131\u015f ve Kas\u0131m 2003\u2019te tamamlanm\u0131\u015ft\u0131r. Projenin finansman\u0131, UNDP Poverty Reduction Thematic Trust Fund taraf\u0131ndan kar\u015f\u0131lanm\u0131\u015ft\u0131r. Ara\u015ft\u0131rma, TSBD\/UNDP ortak yay\u0131n\u0131 olarak 2004 y\u0131l\u0131nda yay\u0131nlanm\u0131\u015ft\u0131r.<\/p>\n<h3><strong>T\u00fcrk-Yunan Diyalo\u011fu <\/strong><\/h3>\n<p><strong>\u00a0<\/strong>Avrupa Komisyonu T\u00fcrkiye temsilcili\u011fince \u201cTurkish-Greek Dialogue Micro Programme\u201c \u00e7er\u00e7evesinde desteklenen \u201cK\u0131rm\u0131z\u0131-Beyaz-Mavi K\u0131zkarde\u015fler\u201c ba\u015fl\u0131kl\u0131 proje T\u00fcrk Sosyal Bilimler Derne\u011fi ile Yunanistan, Yanya (\u0130oannina)\u2019da bulunan\u00a0 \u201cResearch and Support Centre for Victims of Maltreatment and Social Exclusion\u201c taraf\u0131ndan birlikte y\u00fcr\u00fct\u00fclm\u00fc\u015f, Ankara\u2019daki \u201cKad\u0131n 2000 &#8211; Kad\u0131n\u0131n \u0130nsan Haklar\u0131 Bilgi Belge Merkezi\u201d de \u201cba\u011flant\u0131l\u0131 kurulu\u015f\u201d olarak projeye katk\u0131 yapm\u0131\u015ft\u0131r. Proje 2006\u2019da tamamlanm\u0131\u015ft\u0131r.<\/p>\n<h3>T\u00fcrk Gen\u00e7li\u011fi Konu\u015fuyor<\/h3>\n<p><em>\u00a0<\/em>Liseli gen\u00e7lerin, sosyal ve k\u00fclt\u00fcrel \u00f6zelliklerini, kendini yak\u0131n hissettikleri siyasi g\u00f6r\u00fc\u015fleri ve kimlikleri, \u00e7e\u015fitli konulardaki g\u00f6r\u00fc\u015flerini ve AB \u00fcyeli\u011fine bak\u0131\u015flar\u0131n\u0131 inceleyen, \u201cT\u00fcrk Gen\u00e7li\u011fi Konu\u015fuyor\u201d ara\u015ft\u0131rmas\u0131, T\u00fcrk Sosyal Bilimler Derne\u011fi\u2019nin \u00e7at\u0131s\u0131 alt\u0131nda Mustafa \u015een\u2019in ba\u015fkanl\u0131\u011f\u0131nda ve yedi ki\u015filik bir ara\u015ft\u0131rma ekibiyle ger\u00e7ekle\u015ftirildi. Ara\u015ft\u0131rma sonu\u00e7lar\u0131 14\u201319 Eyl\u00fcl 2005 tarihleri aras\u0131nda Milliyet gazetesinde dizi olarak yay\u0131mland\u0131; Dernek yay\u0131n\u0131 kitap olarak da bas\u0131ld\u0131 ve geni\u015f yank\u0131 buldu.<\/p>\n<h3><strong>G\u00dcNEY KAFKASYA\u2019DA KADINA Y\u00d6NEL\u0130K \u015e\u0130DDET\u00a0<\/strong><strong>(2008)<\/strong><\/h3>\n<p><strong>\u00a0<\/strong>UNFPA G\u00fcney Kafkasya\u2019da G\u00fcrcistan, Ermenistan ve Azerbaycan\u2019\u0131 kapsayan 3 \u00fclkede kad\u0131na y\u00f6nelik \u015eiddetle m\u00fccadeleyi hedefleyen bir proje y\u00fcr\u00fctmekteydi. Bu proje i\u00e7in gerekli olan akademik dan\u0131\u015fmanl\u0131k hizmeti T\u00fcrk Sosyal Bilimler Derne\u011fi taraf\u0131ndan sa\u011flanm\u0131\u015ft\u0131r. Proje, G\u00fcrcistan\u2019da 01.07.2008 ile 30.09.2008 tarihlerinde ger\u00e7ekle\u015ftirilmi\u015ftir. Bu konuda dan\u0131\u015fmanl\u0131k hizmeti sunacak olan akademik sorumlu ise Orta Do\u011fu Teknik \u00dcniversitesi Sosyoloji B\u00f6l\u00fcm\u00fcnden Do\u00e7. Dr. Sibel Kalayc\u0131o\u011flu olmu\u015ftur.<\/p>\n<p>G\u00fcrcistan\u2019a ili\u015fkin haz\u0131rlanan \u00fclke raporunun son halini almas\u0131nda d\u0131\u015f uzman olarak sorumluluk alan TSBD, Do\u00e7. Dr. Sibel Kalayc\u0131o\u011flu\u2019nun akademik dan\u0131\u015fmanl\u0131\u011f\u0131nda; \u00fclkede yap\u0131lan niteliksel ara\u015ft\u0131rmaya ili\u015fkin saha \u00e7al\u0131\u015fmas\u0131n\u0131n y\u00f6ntem ve tekniklerini belirlemi\u015f, g\u00f6r\u00fc\u015fme formunu, kimlerle ve nas\u0131l g\u00f6r\u00fc\u015f\u00fclece\u011fini planlam\u0131\u015f, elde edilen niteliksel verinin tematik analizini yapm\u0131\u015f, \u00fclke raporunun son halini almas\u0131 a\u015famalar\u0131nda yer alarak d\u0131\u015f uzmanl\u0131k \u00e7al\u0131\u015fmas\u0131n\u0131 ger\u00e7ekle\u015ftirmi\u015ftir.<\/p>\n<h3><strong>\u00a0<\/strong><strong>ALMANYA\u2019DAN T\u00dcRK\u0130YE\u2019YE D\u00d6N\u00dc\u015e YAPAN VATANDA\u015eLARIN SOSYAL PROF\u0130LLER\u0130\u00a0<\/strong><strong>(2009-2010)<\/strong><\/h3>\n<p>Almanya \u0130\u00e7 \u0130\u015fleri Bakanl\u0131\u011f\u0131 (<em>Bundesamt f\u00fcr Migration und Fl\u00fcchtlinge<\/em>) ve T\u00fcrk Sosyal Bilimler Derne\u011fi (TSBD) i\u015fbirli\u011fiyle ger\u00e7ekle\u015ftirilen proje kapsam\u0131nda Ankara ve Antalya illerinde saha \u00e7al\u0131\u015fmas\u0131 y\u00fcr\u00fct\u00fclm\u00fc\u015f, bu illerde Almanya\u2019dan geri d\u00f6n\u00fc\u015f yapm\u0131\u015f olan vatanda\u015flar\u0131n sosyal profilleri, yeniden uyum s\u00fcre\u00e7leri ile yapm\u0131\u015f olduklar\u0131 uyuma ili\u015fkin deneyimler anla\u015f\u0131lmaya \u00e7al\u0131\u015f\u0131lm\u0131\u015ft\u0131r. Almanya\u2019dan geri d\u00f6n\u00fc\u015f yapm\u0131\u015f olan vatanda\u015flar \u00fc\u00e7 gruba ayr\u0131larak incelenmi\u015f, buna g\u00f6re kendi iste\u011fi ile (evlilik, e\u011fitim, sa\u011fl\u0131k, yeterli birikim sahibi olma, \u00fclkesinde ya\u015fama iste\u011fi gibi) geri d\u00f6n\u00fc\u015f yapm\u0131\u015f olanlar, Almanya\u2019n\u0131n geri g\u00f6\u00e7 te\u015fvik politikalar\u0131 \u00e7er\u00e7evesinde sunmu\u015f oldu\u011fu \u00e7e\u015fitli promosyonlardan (geri d\u00f6n\u00fc\u015f yard\u0131m\u0131, kendi \u00fclkesinde i\u015f kuracaklara sa\u011flanan \u00e7e\u015fitli krediler gibi) yararlanarak d\u00f6nm\u00fc\u015f olanlar ile Almanya\u2019ya gitmi\u015f ancak \u00e7e\u015fitli nedenlerle durumu orada kalmaya uygun olmad\u0131\u011f\u0131 i\u00e7in (vize g\u00fc\u00e7l\u00fckleri, politik nedenler, enformel \u00e7al\u0131\u015fma gibi) d\u00f6nm\u00fc\u015f olan gruplarla g\u00f6r\u00fc\u015fmeler yap\u0131lm\u0131\u015ft\u0131r.<\/p>\n<p>Derinlemesine g\u00f6r\u00fc\u015fme tekni\u011fi kullan\u0131lan \u00e7al\u0131\u015fmada, belirlenen gruplara ula\u015f\u0131l\u0131rken \u00e7al\u0131\u015fman\u0131n amac\u0131 anlat\u0131lm\u0131\u015f ve onlar\u0131n \u201cbilgilendirilmi\u015f onam\u0131\u201d al\u0131narak g\u00f6r\u00fc\u015fmeler yap\u0131lm\u0131\u015ft\u0131r. Toplam 25 geri d\u00f6n\u00fc\u015f yapm\u0131\u015f ki\u015fi \/ aile ile g\u00f6r\u00fc\u015fme yap\u0131lm\u0131\u015ft\u0131r.<\/p>\n<p>T\u00fcrkiye\u2019nin g\u00f6\u00e7 politikas\u0131, geri d\u00f6n\u00fc\u015flere ili\u015fkin yap\u0131lmakta olan \u00e7al\u0131\u015fmalar ile geri d\u00f6n\u00fc\u015f yapm\u0131\u015f vatanda\u015flar\u0131m\u0131za sunulmakta olan hizmet ve uygulamalar\u0131 \u00f6\u011frenmek, gelece\u011fe d\u00f6n\u00fck proje ve planlar hakk\u0131nda bilgi edinebilmek amac\u0131 ile de \u00e7e\u015fitli d\u00fczeylerde karar verici olan ki\u015fi ve kurulu\u015flarla da g\u00f6r\u00fc\u015fmeler yap\u0131lm\u0131\u015ft\u0131r. Geri d\u00f6n\u00fc\u015f yapm\u0131\u015f vatanda\u015flar\u0131m\u0131za \u00e7e\u015fitli d\u00fczeylerde hizmet sunmakta olan \u00c7al\u0131\u015fma Bakanl\u0131\u011f\u0131 (Yurt D\u0131\u015f\u0131 \u0130\u015f\u00e7i Hizmetleri Genel M\u00fcd\u00fcrl\u00fc\u011f\u00fc, Yurt Dan\u0131\u015f B\u00fcrosu) Hizmetleri, T\u00fcrkiye \u0130\u015f Kurumu, Sosyal Sigortalar Genel M\u00fcd\u00fcrl\u00fc\u011f\u00fc gibi kurumlarla resmi g\u00f6r\u00fc\u015fmeler yap\u0131lm\u0131\u015ft\u0131r.<\/p>\n<p>T\u00fcm yap\u0131lacak olan g\u00f6r\u00fc\u015fmelerin nihai amac\u0131 ise, Almanya\u2019dan T\u00fcrkiye\u2019ye geri d\u00f6n\u00fc\u015f yapm\u0131\u015f olan vatanda\u015flar\u0131m\u0131z\u0131n \u2018neden geri d\u00f6nd\u00fckleri\u2019, \u2018d\u00f6nd\u00fckleri vakit kar\u015f\u0131la\u015fm\u0131\u015f olduklar\u0131 g\u00fc\u00e7l\u00fckler\u2019 ile \u2018yeniden uyum s\u00fcrecinde uyumu g\u00fc\u00e7le\u015ftirici olabilecek hususlar\u0131n\u2019 anla\u015f\u0131lmas\u0131 olmu\u015ftur. Bu hususlar\u0131n anla\u015f\u0131lmas\u0131 T\u00fcrkiye\u2019nin g\u00f6\u00e7 politikalar\u0131n\u0131 belirleme \u00e7abalar\u0131na katk\u0131 sa\u011flay\u0131c\u0131 oldu\u011fu gibi, di\u011fer yandan geri d\u00f6n\u00fc\u015f yapm\u0131\u015f olan vatanda\u015flar\u0131m\u0131z\u0131n daha uyumlu ve rahat bir ya\u015fam s\u00fcrmelerine yard\u0131mc\u0131 olma amac\u0131 da dikkate al\u0131nd\u0131\u011f\u0131nda \u00f6nemli bir yer tutmaktad\u0131r.<\/p>\n<p>Y\u00fcr\u00fct\u00fcc\u00fcl\u00fc\u011f\u00fcn\u00fc TSBD ad\u0131na Orta Do\u011fu Teknik \u00dcniversitesi Sosyoloji B\u00f6l\u00fcm\u00fcnden Do\u00e7. Dr. Helga Rittesberger T\u0131l\u0131\u00e7\u2019\u0131n yapt\u0131\u011f\u0131 projenin b\u00fct\u00e7esi 21.200 Euro\u2019dur. Proje 2010 y\u0131l\u0131 ba\u015flar\u0131nda teslim edilmi\u015ftir.<\/p>\n<h3><strong>GEN\u00c7L\u0130K PROGRAMI\u2019NIN ARA\u015eTIRMAYA DAYALI ANAL\u0130Z\u0130 ARA\u015eTIRMA PROJES\u0130\u00a0<\/strong><strong>(2012-2014)<\/strong><\/h3>\n<p>Avrupa Birli\u011fi Gen\u00e7lik Program\u0131 Ulusal Ajanslar\u0131 taraf\u0131ndan hayata ge\u00e7irilmi\u015f uluslararas\u0131 bir giri\u015fim olan \u201c<em>Gen\u00e7lik Program\u0131\u2019n\u0131n Ara\u015ft\u0131rma Temelli Analizi ve \u0130zlenmesi<\/em>\u201d giri\u015fimi (RAY Network) taraf\u0131ndan ba\u015flat\u0131lan ve T\u00fcrkiye Ulusal Ajans\u0131 (TC Avrupa Birli\u011fi Bakanl\u0131\u011f\u0131 AB E\u011fitim ve Gen\u00e7lik Programlar\u0131 Merkezi Ba\u015fkanl\u0131\u011f\u0131) taraf\u0131ndan finansal olarak desteklenen \u201cGen\u00e7lik Program\u0131\u2019n\u0131n Ara\u015ft\u0131rmaya Dayal\u0131 Analizi\u201d ara\u015ft\u0131rmas\u0131n\u0131, May\u0131s 2012 &#8211; Haziran 2014 y\u0131llar\u0131 aras\u0131nda T\u00fcrk Sosyal Bilimler Derne\u011fi y\u00fcr\u00fctm\u00fc\u015ft\u00fcr.<\/p>\n<p>T\u00fcrkiye Ulusal Ajans\u0131\u2019n\u0131n ara\u015ft\u0131rma orta\u011f\u0131 olarak TSBD, uluslararas\u0131 d\u00fczeyde uygulanan anket \u00e7al\u0131\u015fmalar\u0131 ve ulusal d\u00fczeyde ger\u00e7ekle\u015ftirilen odak grup g\u00f6r\u00fc\u015fmeleri ve m\u00fclakatlardan elde edilen nicel ve nitel veriler \u0131\u015f\u0131\u011f\u0131nda Gen\u00e7lik Program\u0131\u2019n\u0131n T\u00fcrkiye\u2019de gen\u00e7lere ve gen\u00e7lik \u00e7al\u0131\u015fanlar\u0131na sa\u011flad\u0131\u011f\u0131 yayg\u0131n \u00f6\u011frenme deneyiminin yaratt\u0131\u011f\u0131 etkiyi bilimsel olarak, kan\u0131ta ve ara\u015ft\u0131rmaya dayanarak incelenmi\u015ftir. Ara\u015ft\u0131rma sonucunda T\u00fcrkiye Ulusal Ajans\u0131na sunulmak \u00fczere kapsaml\u0131 bir Ulusal Rapor \u0130ngilizce ve T\u00fcrk\u00e7e dillerinde haz\u0131rlanm\u0131\u015ft\u0131r.<\/p>\n<p>T\u00fcrk Sosyal Bilimler Derne\u011fi ad\u0131na bu projeyi Dernek \u00fcyelerinden Asuman G\u00f6ksel ve \u00d6zgehan \u015eenyuva y\u00fcr\u00fctm\u00fc\u015ft\u00fcr. Proje kapsam\u0131nda ger\u00e7ekle\u015ftirilen anketlerin yan\u0131 s\u0131ra proje y\u00fcr\u00fct\u00fcc\u00fcleri, T\u00fcrkiye\u2019den Gen\u00e7lik Program\u0131\u2019na kat\u0131lm\u0131\u015f olan gen\u00e7lerle y\u00fczy\u00fcze g\u00f6r\u00fc\u015fmeler ve odak grup toplant\u0131lar\u0131 ger\u00e7ekle\u015ftirmi\u015ftir.<\/p>\n<p>Projenin Ulusal Ajans taraf\u0131ndan belirlenen toplam b\u00fct\u00e7esi 64.200TL\u2019dir.<\/p>\n<h3><strong>&#8220;Building Bridges within Gender and Women Studies Community in Turkey\u201d projesi<\/strong><\/h3>\n<p><strong>\u00a0<\/strong>ODT\u00dc Toplumsal Cinsiyet ve Kad\u0131n \u00c7al\u0131\u015fmalar\u0131 Y\u00fcksek Lisans Program\u0131n\u0131n kurulu\u015funun 20. Y\u0131ld\u00f6n\u00fcm\u00fc vesilesi ile d\u00fczenlenen uluslararas\u0131 konferans\u0131n finansman\u0131, TSBD\u2019nin Hollanda B\u00fcy\u00fckel\u00e7ili\u011fi ile yapt\u0131\u011f\u0131 bir anla\u015fma \u00e7er\u00e7evesinde sa\u011flanm\u0131\u015ft\u0131r. 9-11 Ekim 2015 tarihlerinde yap\u0131lmas\u0131 planlanan s\u00f6z konusu konferans maalesef 10 Ekim 2015\u2019teki Bar\u0131\u015f Y\u00fcr\u00fcy\u00fc\u015f\u00fcne y\u00f6nelik bombal\u0131 sald\u0131r\u0131 nedeniyle tamamlanamadan sona erdirilmek zorunda kal\u0131nm\u0131\u015ft\u0131r.<\/p>\n<h3><strong>S\u0130V\u0130L TOPLUM D\u0130YALO\u011eU III &#8211; WAVE: \u015e\u0130DDETE KAR\u015eI KADINLAR A\u011eI PROJES\u0130\u00a0<\/strong><strong>(2014-2016)<\/strong><\/h3>\n<p>\u201cWAVE: \u015eiddete Kar\u015f\u0131 Kad\u0131nlar A\u011f\u0131\u201d projesi, \u0130talya, \u0130spanya ve T\u00fcrkiye\u2019deki sivil toplum \u00f6rg\u00fctleri aras\u0131nda bilgi al\u0131\u015fveri\u015fini g\u00fc\u00e7lendirerek, T\u00fcrkiye\u2019de kad\u0131na y\u00f6nelik \u015fiddetle m\u00fccadeleye katk\u0131da bulunmay\u0131 hedefleyen bir proje olarak Aral\u0131k 2014-Ocak 2016 tarihleri aras\u0131nda y\u00fcr\u00fct\u00fclm\u00fc\u015ft\u00fcr. WAVE projesi Avrupa Birli\u011fi ile T\u00fcrkiye Cumhuriyeti\u2019nin e\u015f-finansman deste\u011fiyle y\u00fcr\u00fct\u00fclen Sivil Toplum Diyalo\u011fu Program\u0131 taraf\u0131ndan desteklenmi\u015ftir. Projenin ama\u00e7lar\u0131 sivil toplum \u00f6rg\u00fctlerine AB mevzuat\u0131 ve uygulamalar\u0131n\u0131 tan\u0131tmak ve kad\u0131na y\u00f6nelik \u015fiddeti \u00f6nleme ama\u00e7l\u0131 eylemler\/ara\u00e7lar sunmak; kad\u0131na y\u00f6nelik \u015fiddetin karakteristik \u00f6zellikleri konusunda bilgi birikimini artt\u0131rmak ve \u0130talya, \u0130spanya ve T\u00fcrkiye aras\u0131nda kad\u0131na y\u00f6nelik \u015fiddet kar\u015f\u0131tl\u0131\u011f\u0131 ile ilgili politikalar ve eylemlerin, kar\u015f\u0131l\u0131kl\u0131 payla\u015f\u0131m\u0131n\u0131 geli\u015ftirmek; e\u011fitim k\u0131lavuzu, e\u011fitimler ve \u00e7al\u0131\u015ftaylar arac\u0131l\u0131\u011f\u0131yla sivil toplum \u00f6rg\u00fctlerinin olanaklar\u0131n\u0131 artt\u0131rmak; ve, karar vericiler ile sivil toplum \u00f6rg\u00fctleri aras\u0131ndaki diyalo\u011fu geli\u015ftirmektir. Proje ortaklar\u0131 NOTUS: Uygulamal\u0131 Sosyal Ara\u015ft\u0131rmalar (\u0130spanya), Giacomo Brodolini Vakf\u0131 (\u0130talya), Kad\u0131n Dayan\u0131\u015fma Vakf\u0131 (T\u00fcrkiye), SURT Vakf\u0131 (\u0130spanya) ve T\u00fcrk Sosyal Bilimler Derne\u011fi (T\u00fcrkiye)\u2019dir. Proje kapsam\u0131nda TSBD olarak Kad\u0131na Y\u00f6nelik \u015eiddet T\u00fcrkiye Ulusal Raporu\u2019nun haz\u0131rlanmas\u0131; WAVE Kar\u015f\u0131la\u015ft\u0131rmal\u0131 Raporuna katk\u0131; proje bilgilendirme bro\u015f\u00fcrlerinin haz\u0131rlanmas\u0131 ve bas\u0131lmas\u0131; WAVE tan\u0131t\u0131m videosunun haz\u0131rlanmas\u0131; WAVE E\u011fitim K\u0131lavuzu\u2019nun bas\u0131lmas\u0131 ve Ocak 2016\u2019da ger\u00e7ekle\u015ftirilen WAVE Kapan\u0131\u015f Konferans\u0131\u2019n\u0131n d\u00fczenlenmesi faaliyetleri ger\u00e7ekle\u015ftirilmi\u015ftir.<\/p>\n<p>&nbsp;<\/p>\n","protected":false},"excerpt":{"rendered":"<p>T\u00fcrk Sosyal Bilimler Derne\u011fi, T\u00fcrkiye&#8217;de sosyal bilimler alan\u0131nda ara\u015ft\u0131rmalar\u0131n yap\u0131lmas\u0131na, geli\u015fmesine, yayg\u0131nla\u015fmas\u0131na ve bilgi \u00fcretimine a\u011f\u0131rl\u0131k vermektedir. Dernek, ara\u015ft\u0131rma \u00e7al\u0131\u015fmalar\u0131n\u0131 kendi kurdu\u011fu proje gruplar\u0131yla y\u00fcr\u00fcterek, ya da haz\u0131rlanm\u0131\u015f ara\u015ft\u0131rma projelerini destekleyerek ger\u00e7ekle\u015ftirir. Kurulu\u015fundan bu yana, Dernek taraf\u0131ndan y\u00fcr\u00fct\u00fclm\u00fc\u015f ve desteklenmi\u015f olan belli ba\u015fl\u0131 ara\u015ft\u0131rmalar a\u015fa\u011f\u0131da s\u0131ralanm\u0131\u015ft\u0131r. \u00a0\u0130zmir Sosyal De\u011fi\u015fme Ara\u015ft\u0131rmas\u0131 \u00a0Derne\u011fin kurulu\u015fu ile birlikte ger\u00e7ekle\u015ftirdi\u011fi [&hellip;]<\/p>\n","protected":false},"author":1,"featured_media":0,"parent":0,"menu_order":4,"comment_status":"closed","ping_status":"closed","template":"","meta":{"_uag_custom_page_level_css":"","_themeisle_gutenberg_block_has_review":false,"footnotes":""},"class_list":["post-53","page","type-page","status-publish","hentry"],"blocksy_meta":[],"uagb_featured_image_src":{"full":false,"thumbnail":false,"medium":false,"medium_large":false,"large":false,"1536x1536":false,"2048x2048":false},"uagb_author_info":{"display_name":false,"author_link":"https:\/\/tsbd.org.tr\/?author=1"},"uagb_comment_info":0,"uagb_excerpt":"T\u00fcrk Sosyal Bilimler Derne\u011fi, T\u00fcrkiye&#8217;de sosyal bilimler alan\u0131nda ara\u015ft\u0131rmalar\u0131n yap\u0131lmas\u0131na, geli\u015fmesine, yayg\u0131nla\u015fmas\u0131na ve bilgi \u00fcretimine a\u011f\u0131rl\u0131k vermektedir. Dernek, ara\u015ft\u0131rma \u00e7al\u0131\u015fmalar\u0131n\u0131 kendi kurdu\u011fu proje gruplar\u0131yla y\u00fcr\u00fcterek, ya da haz\u0131rlanm\u0131\u015f ara\u015ft\u0131rma projelerini destekleyerek ger\u00e7ekle\u015ftirir. Kurulu\u015fundan bu yana, Dernek taraf\u0131ndan y\u00fcr\u00fct\u00fclm\u00fc\u015f ve desteklenmi\u015f olan belli ba\u015fl\u0131 ara\u015ft\u0131rmalar a\u015fa\u011f\u0131da s\u0131ralanm\u0131\u015ft\u0131r. \u00a0\u0130zmir Sosyal De\u011fi\u015fme Ara\u015ft\u0131rmas\u0131 \u00a0Derne\u011fin kurulu\u015fu ile birlikte ger\u00e7ekle\u015ftirdi\u011fi&hellip;","_links":{"self":[{"href":"https:\/\/tsbd.org.tr\/index.php?rest_route=\/wp\/v2\/pages\/53","targetHints":{"allow":["GET"]}}],"collection":[{"href":"https:\/\/tsbd.org.tr\/index.php?rest_route=\/wp\/v2\/pages"}],"about":[{"href":"https:\/\/tsbd.org.tr\/index.php?rest_route=\/wp\/v2\/types\/page"}],"author":[{"embeddable":true,"href":"https:\/\/tsbd.org.tr\/index.php?rest_route=\/wp\/v2\/users\/1"}],"replies":[{"embeddable":true,"href":"https:\/\/tsbd.org.tr\/index.php?rest_route=%2Fwp%2Fv2%2Fcomments&post=53"}],"version-history":[{"count":4,"href":"https:\/\/tsbd.org.tr\/index.php?rest_route=\/wp\/v2\/pages\/53\/revisions"}],"predecessor-version":[{"id":98,"href":"https:\/\/tsbd.org.tr\/index.php?rest_route=\/wp\/v2\/pages\/53\/revisions\/98"}],"wp:attachment":[{"href":"https:\/\/tsbd.org.tr\/index.php?rest_route=%2Fwp%2Fv2%2Fmedia&parent=53"}],"curies":[{"name":"wp","href":"https:\/\/api.w.org\/{rel}","templated":true}]}}